{"id":1702,"date":"2016-05-20T04:19:36","date_gmt":"2016-05-20T02:19:36","guid":{"rendered":"http:\/\/www.ari-bruneck.com\/it\/ari-bruneck\/"},"modified":"2023-12-20T13:28:10","modified_gmt":"2023-12-20T12:28:10","slug":"ari-brunico","status":"publish","type":"page","link":"https:\/\/www.ari-bruneck.com\/it\/ari-brunico\/","title":{"rendered":"A.R.I. Brunico IQ3ED"},"content":{"rendered":"<section class=\"wpb-content-wrapper\"><p>[vc_row css=&#8221;.vc_custom_1448604362911{margin-bottom: 100px !important;}&#8221;][vc_column offset=&#8221;vc_col-lg-9 vc_col-md-9&#8243;][vc_column_text css=&#8221;.vc_custom_1703075155617{margin-bottom: 30px !important;}&#8221;]<\/p>\n<h2>Siamo A.R.I. Brunico<\/h2>\n<p>Il nostro club radioamatori dell&#8217;Alto Adige mantiene quindi relazioni con le autorit\u00e0 competenti del comune della loro area di competenza. La sezione dell&#8217;Associazione Radioamatori Italiani (A.R.I) di Brunico \u00e8 stata fondata il 09.10.1973 e ha la sua sede legale a 39031 Brunico, Via Galileo Galilei 3, nella provincia di Bolzano (BZ) in Italia.<\/p>\n<p>La sezione A.R.I di Brunico persegue lo scopo di promuovere l&#8217;A.R.I attraverso la collaborazione con il Consiglio Direttivo Nazionale nonch\u00e9 con il Comitato Regionale Trentino-Alto Adige.<\/p>\n<div id='gallery-1' class='gallery galleryid-1702 gallery-columns-4 gallery-size-thumbnail'><figure class='gallery-item'>\n\t\t\t<div class='gallery-icon landscape'>\n\t\t\t\t<a href='https:\/\/www.ari-bruneck.com\/wp-content\/uploads\/2016\/02\/rein-02.jpg' title=\"\" data-rl_title=\"\" class=\"rl-gallery-link\" data-rl_caption=\"\" data-rel=\"lightbox-gallery-1\"><img loading=\"lazy\" decoding=\"async\" width=\"150\" height=\"150\" src=\"https:\/\/www.ari-bruneck.com\/wp-content\/uploads\/2016\/02\/rein-02-150x150.jpg\" class=\"attachment-thumbnail size-thumbnail\" alt=\"\" srcset=\"https:\/\/www.ari-bruneck.com\/wp-content\/uploads\/2016\/02\/rein-02-150x150.jpg 150w, https:\/\/www.ari-bruneck.com\/wp-content\/uploads\/2016\/02\/rein-02-130x130.jpg 130w, https:\/\/www.ari-bruneck.com\/wp-content\/uploads\/2016\/02\/rein-02-40x40.jpg 40w\" sizes=\"(max-width: 150px) 100vw, 150px\" \/><\/a>\n\t\t\t<\/div><\/figure><figure class='gallery-item'>\n\t\t\t<div class='gallery-icon portrait'>\n\t\t\t\t<a href='https:\/\/www.ari-bruneck.com\/wp-content\/uploads\/2016\/02\/rein-04.jpg' title=\"\" data-rl_title=\"\" class=\"rl-gallery-link\" data-rl_caption=\"\" data-rel=\"lightbox-gallery-1\"><img loading=\"lazy\" decoding=\"async\" width=\"150\" height=\"150\" src=\"https:\/\/www.ari-bruneck.com\/wp-content\/uploads\/2016\/02\/rein-04-150x150.jpg\" class=\"attachment-thumbnail size-thumbnail\" alt=\"\" srcset=\"https:\/\/www.ari-bruneck.com\/wp-content\/uploads\/2016\/02\/rein-04-150x150.jpg 150w, https:\/\/www.ari-bruneck.com\/wp-content\/uploads\/2016\/02\/rein-04-130x130.jpg 130w, https:\/\/www.ari-bruneck.com\/wp-content\/uploads\/2016\/02\/rein-04-40x40.jpg 40w\" sizes=\"(max-width: 150px) 100vw, 150px\" \/><\/a>\n\t\t\t<\/div><\/figure><figure class='gallery-item'>\n\t\t\t<div class='gallery-icon portrait'>\n\t\t\t\t<a href='https:\/\/www.ari-bruneck.com\/wp-content\/uploads\/2016\/02\/rein-03.jpg' title=\"\" data-rl_title=\"\" class=\"rl-gallery-link\" data-rl_caption=\"\" data-rel=\"lightbox-gallery-1\"><img loading=\"lazy\" decoding=\"async\" width=\"150\" height=\"150\" src=\"https:\/\/www.ari-bruneck.com\/wp-content\/uploads\/2016\/02\/rein-03-150x150.jpg\" class=\"attachment-thumbnail size-thumbnail\" alt=\"\" srcset=\"https:\/\/www.ari-bruneck.com\/wp-content\/uploads\/2016\/02\/rein-03-150x150.jpg 150w, https:\/\/www.ari-bruneck.com\/wp-content\/uploads\/2016\/02\/rein-03-130x130.jpg 130w, https:\/\/www.ari-bruneck.com\/wp-content\/uploads\/2016\/02\/rein-03-40x40.jpg 40w\" sizes=\"(max-width: 150px) 100vw, 150px\" \/><\/a>\n\t\t\t<\/div><\/figure><figure class='gallery-item'>\n\t\t\t<div class='gallery-icon landscape'>\n\t\t\t\t<a href='https:\/\/www.ari-bruneck.com\/wp-content\/uploads\/2016\/02\/rein-01.jpg' title=\"\" data-rl_title=\"\" class=\"rl-gallery-link\" data-rl_caption=\"\" data-rel=\"lightbox-gallery-1\"><img loading=\"lazy\" decoding=\"async\" width=\"150\" height=\"150\" src=\"https:\/\/www.ari-bruneck.com\/wp-content\/uploads\/2016\/02\/rein-01-150x150.jpg\" class=\"attachment-thumbnail size-thumbnail\" alt=\"\" srcset=\"https:\/\/www.ari-bruneck.com\/wp-content\/uploads\/2016\/02\/rein-01-150x150.jpg 150w, https:\/\/www.ari-bruneck.com\/wp-content\/uploads\/2016\/02\/rein-01-130x130.jpg 130w, https:\/\/www.ari-bruneck.com\/wp-content\/uploads\/2016\/02\/rein-01-40x40.jpg 40w\" sizes=\"(max-width: 150px) 100vw, 150px\" \/><\/a>\n\t\t\t<\/div><\/figure><figure class='gallery-item'>\n\t\t\t<div class='gallery-icon landscape'>\n\t\t\t\t<a href='https:\/\/www.ari-bruneck.com\/wp-content\/uploads\/2016\/02\/987.jpg' title=\"\" data-rl_title=\"\" class=\"rl-gallery-link\" data-rl_caption=\"\" data-rel=\"lightbox-gallery-1\"><img loading=\"lazy\" decoding=\"async\" width=\"150\" height=\"150\" src=\"https:\/\/www.ari-bruneck.com\/wp-content\/uploads\/2016\/02\/987-150x150.jpg\" class=\"attachment-thumbnail size-thumbnail\" alt=\"\" srcset=\"https:\/\/www.ari-bruneck.com\/wp-content\/uploads\/2016\/02\/987-150x150.jpg 150w, https:\/\/www.ari-bruneck.com\/wp-content\/uploads\/2016\/02\/987-130x130.jpg 130w, https:\/\/www.ari-bruneck.com\/wp-content\/uploads\/2016\/02\/987-40x40.jpg 40w\" sizes=\"(max-width: 150px) 100vw, 150px\" \/><\/a>\n\t\t\t<\/div><\/figure><figure class='gallery-item'>\n\t\t\t<div class='gallery-icon landscape'>\n\t\t\t\t<a href='https:\/\/www.ari-bruneck.com\/wp-content\/uploads\/2016\/05\/ari-bb.jpg' title=\"\" data-rl_title=\"\" class=\"rl-gallery-link\" data-rl_caption=\"\" data-rel=\"lightbox-gallery-1\"><img loading=\"lazy\" decoding=\"async\" width=\"150\" height=\"150\" src=\"https:\/\/www.ari-bruneck.com\/wp-content\/uploads\/2016\/05\/ari-bb-150x150.jpg\" class=\"attachment-thumbnail size-thumbnail\" alt=\"\" srcset=\"https:\/\/www.ari-bruneck.com\/wp-content\/uploads\/2016\/05\/ari-bb-150x150.jpg 150w, https:\/\/www.ari-bruneck.com\/wp-content\/uploads\/2016\/05\/ari-bb-130x130.jpg 130w, https:\/\/www.ari-bruneck.com\/wp-content\/uploads\/2016\/05\/ari-bb-40x40.jpg 40w\" sizes=\"(max-width: 150px) 100vw, 150px\" \/><\/a>\n\t\t\t<\/div><\/figure>\n\t\t<\/div>\n[\/vc_column_text][vc_custom_heading text=&#8221;I membri hanno i seguenti diritti&#8221; use_theme_fonts=&#8221;yes&#8221;][vc_row_inner css=&#8221;.vc_custom_1448605934156{margin-bottom: 80px !important;}&#8221;][vc_column_inner width=&#8221;1\/2&#8243;][vc_column_text css=&#8221;.vc_custom_1703075224396{margin-bottom: 30px !important;}&#8221;]<\/p>\n<ul>\n<li>partecipare a tutte le elezioni previste e indette dall&#8217;assemblea generale e ai referendum.<\/li>\n<li>ricevere tutte le pubblicazioni della sezione.<\/li>\n<li>utilizzare la biblioteca della sezione, secondo le norme stabilite dal consiglio di sezione.<\/li>\n<\/ul>\n<p>[\/vc_column_text][\/vc_column_inner][vc_column_inner width=&#8221;1\/2&#8243;][vc_column_text]<\/p>\n<ul>\n<li>utilizzare il servizio QSL secondo le norme del consiglio direttivo nazionale.<\/li>\n<li>usare le apparecchiature radio e vari strumenti di propriet\u00e0 della sezione, secondo le istruzioni esistenti del consiglio di sezione, ecc.<\/li>\n<\/ul>\n<p>[\/vc_column_text][\/vc_column_inner][\/vc_row_inner][vc_column_text]&#8221;Partecipiamo annualmente a diversi contest, sia in gruppo che individualmente, anche nelle modalit\u00e0 operative digitali. La nostra sede e punto di incontro si trova a Brunico, dove \u00e8 installata anche una stazione radio con il nominativo IQ3ED. Qui ci incontriamo anche ogni primo venerd\u00ec del mese alle 20:30.[\/vc_column_text][\/vc_column][vc_column width=&#8221;1\/4&#8243; offset=&#8221;vc_hidden-sm vc_hidden-xs&#8221;][vc_btn title=&#8221;Unsere Mitglieder&#8221; style=&#8221;outline&#8221; color=&#8221;theme_style_1&#8243; align=&#8221;left&#8221; i_icon_fontawesome=&#8221;stm-people-in-team-old&#8221; button_block=&#8221;true&#8221; add_icon=&#8221;true&#8221; link=&#8221;url:http%3A%2F%2Fwww.ari-bruneck.com%2Fmitglieder-ari-bruneck%2F|&#8221;][vc_separator][vc_facebook][vc_gmaps link=&#8221;#E-8_JTNDaWZyYW1lJTIwc3JjJTNEJTIyaHR0cHMlM0ElMkYlMkZ3d3cuZ29vZ2xlLmNvbSUyRm1hcHMlMkZlbWJlZCUzRnBiJTNEJTIxMW0xOCUyMTFtMTIlMjExbTMlMjExZDU1OTY1NTcuODM0MzY2ODAzJTIxMmQ3LjM3ODkwODg2NjY1OTc0OSUyMTNkNDYuNzcwOTIyNzI5MTM4MTElMjEybTMlMjExZjAlMjEyZjAlMjEzZjAlMjEzbTIlMjExaTEwMjQlMjEyaTc2OCUyMTRmMTMuMSUyMTNtMyUyMTFtMiUyMTFzMHg0Nzc4MWVkZjcwYWI3NzhmJTI1M0EweGQ2MTRlNTdjYWJjYzBlM2QlMjEyczM5MDMwJTJCTW9udGFsJTI1MkMlMkJCb3plbiUyNTJDJTJCSXRhbGllbiUyMTVlMCUyMTNtMiUyMTFzZGUlMjEyc3VzJTIxNHYxNDgzOTYxMjE2NTgwJTIyJTIwd2lkdGglM0QlMjIxMDAlMjUlMjIlMjBoZWlnaHQlM0QlMjIzNTAlMjIlMjBmcmFtZWJvcmRlciUzRCUyMjAlMjIlMjBzdHlsZSUzRCUyMmJvcmRlciUzQTAlMjIlMjBhbGxvd2Z1bGxzY3JlZW4lM0UlM0MlMkZpZnJhbWUlM0U=&#8221;][\/vc_column][\/vc_row]<\/p>\n<\/section>","protected":false},"excerpt":{"rendered":"<p>[vc_row css=&#8221;.vc_custom_1448604362911{margin-bottom: 100px !important;}&#8221;][vc_column offset=&#8221;vc_col-lg-9 vc_col-md-9&#8243;][vc_column_text css=&#8221;.vc_custom_1703075155617{margin-bottom: 30px !important;}&#8221;] Siamo A.R.I. Brunico Il nostro club radioamatori dell&#8217;Alto Adige mantiene quindi relazioni con le autorit\u00e0 competenti del comune della loro area di competenza. La&#8230;<\/p>\n","protected":false},"author":1,"featured_media":0,"parent":0,"menu_order":0,"comment_status":"closed","ping_status":"closed","template":"","meta":{"footnotes":""},"yoast_head":"<!-- This site is optimized with the Yoast SEO plugin v21.7 - https:\/\/yoast.com\/wordpress\/plugins\/seo\/ -->\n<title>A.R.I. Brunico | IQ3ED | Alto Adige (BZ)<\/title>\n<meta name=\"description\" content=\"A.R.I. Associazione Radioamatori Italiani. Sezione di Brunico in Alto Adige. La sezione di Brunico in Val Pusteria ogni anno partecipa a vari contesti.\" \/>\n<meta name=\"robots\" content=\"index, follow, max-snippet:-1, max-image-preview:large, max-video-preview:-1\" \/>\n<link rel=\"canonical\" href=\"https:\/\/www.ari-bruneck.com\/en\/ari-bruneck-brunico-south-tyrol-italy\/\" \/>\n<meta property=\"og:locale\" content=\"it_IT\" \/>\n<meta property=\"og:type\" content=\"article\" \/>\n<meta property=\"og:title\" content=\"A.R.I. Brunico | IQ3ED | Alto Adige (BZ)\" \/>\n<meta property=\"og:description\" content=\"A.R.I. Associazione Radioamatori Italiani. Sezione di Brunico in Alto Adige. La sezione di Brunico in Val Pusteria ogni anno partecipa a vari contesti.\" \/>\n<meta property=\"og:url\" content=\"https:\/\/www.ari-bruneck.com\/en\/ari-bruneck-brunico-south-tyrol-italy\/\" \/>\n<meta property=\"og:site_name\" content=\"ARI BRUNECK\" \/>\n<meta property=\"article:publisher\" content=\"https:\/\/www.facebook.com\/ari.bruneck.brunico\/\" \/>\n<meta property=\"article:modified_time\" content=\"2023-12-20T12:28:10+00:00\" \/>\n<meta property=\"og:image\" content=\"https:\/\/www.ari-bruneck.com\/wp-content\/uploads\/2016\/02\/rein-02-150x150.jpg\" \/>\n<meta name=\"twitter:card\" content=\"summary_large_image\" \/>\n<meta name=\"twitter:label1\" content=\"Tempo di lettura stimato\" \/>\n\t<meta name=\"twitter:data1\" content=\"2 minuti\" \/>\n<script type=\"application\/ld+json\" class=\"yoast-schema-graph\">{\"@context\":\"https:\/\/schema.org\",\"@graph\":[{\"@type\":\"WebPage\",\"@id\":\"https:\/\/www.ari-bruneck.com\/en\/ari-bruneck-brunico-south-tyrol-italy\/\",\"url\":\"https:\/\/www.ari-bruneck.com\/en\/ari-bruneck-brunico-south-tyrol-italy\/\",\"name\":\"A.R.I. Brunico | IQ3ED | Alto Adige (BZ)\",\"isPartOf\":{\"@id\":\"https:\/\/www.ari-bruneck.com\/#website\"},\"datePublished\":\"2016-05-20T02:19:36+00:00\",\"dateModified\":\"2023-12-20T12:28:10+00:00\",\"description\":\"A.R.I. Associazione Radioamatori Italiani. Sezione di Brunico in Alto Adige. La sezione di Brunico in Val Pusteria ogni anno partecipa a vari contesti.\",\"breadcrumb\":{\"@id\":\"https:\/\/www.ari-bruneck.com\/en\/ari-bruneck-brunico-south-tyrol-italy\/#breadcrumb\"},\"inLanguage\":\"it-IT\",\"potentialAction\":[{\"@type\":\"ReadAction\",\"target\":[\"https:\/\/www.ari-bruneck.com\/en\/ari-bruneck-brunico-south-tyrol-italy\/\"]}]},{\"@type\":\"BreadcrumbList\",\"@id\":\"https:\/\/www.ari-bruneck.com\/en\/ari-bruneck-brunico-south-tyrol-italy\/#breadcrumb\",\"itemListElement\":[{\"@type\":\"ListItem\",\"position\":1,\"name\":\"Home\",\"item\":\"https:\/\/www.ari-bruneck.com\/it\/\"},{\"@type\":\"ListItem\",\"position\":2,\"name\":\"A.R.I. Brunico IQ3ED\"}]},{\"@type\":\"WebSite\",\"@id\":\"https:\/\/www.ari-bruneck.com\/#website\",\"url\":\"https:\/\/www.ari-bruneck.com\/\",\"name\":\"ARI BRUNECK\",\"description\":\"Amateurfunkverein ARI Sektion Bruneck in S\u00fcdtirol\",\"potentialAction\":[{\"@type\":\"SearchAction\",\"target\":{\"@type\":\"EntryPoint\",\"urlTemplate\":\"https:\/\/www.ari-bruneck.com\/?s={search_term_string}\"},\"query-input\":\"required name=search_term_string\"}],\"inLanguage\":\"it-IT\"}]}<\/script>\n<!-- \/ Yoast SEO plugin. -->","yoast_head_json":{"title":"A.R.I. Brunico | IQ3ED | Alto Adige (BZ)","description":"A.R.I. Associazione Radioamatori Italiani. Sezione di Brunico in Alto Adige. La sezione di Brunico in Val Pusteria ogni anno partecipa a vari contesti.","robots":{"index":"index","follow":"follow","max-snippet":"max-snippet:-1","max-image-preview":"max-image-preview:large","max-video-preview":"max-video-preview:-1"},"canonical":"https:\/\/www.ari-bruneck.com\/en\/ari-bruneck-brunico-south-tyrol-italy\/","og_locale":"it_IT","og_type":"article","og_title":"A.R.I. Brunico | IQ3ED | Alto Adige (BZ)","og_description":"A.R.I. Associazione Radioamatori Italiani. Sezione di Brunico in Alto Adige. La sezione di Brunico in Val Pusteria ogni anno partecipa a vari contesti.","og_url":"https:\/\/www.ari-bruneck.com\/en\/ari-bruneck-brunico-south-tyrol-italy\/","og_site_name":"ARI BRUNECK","article_publisher":"https:\/\/www.facebook.com\/ari.bruneck.brunico\/","article_modified_time":"2023-12-20T12:28:10+00:00","og_image":[{"url":"https:\/\/www.ari-bruneck.com\/wp-content\/uploads\/2016\/02\/rein-02-150x150.jpg"}],"twitter_card":"summary_large_image","twitter_misc":{"Tempo di lettura stimato":"2 minuti"},"schema":{"@context":"https:\/\/schema.org","@graph":[{"@type":"WebPage","@id":"https:\/\/www.ari-bruneck.com\/en\/ari-bruneck-brunico-south-tyrol-italy\/","url":"https:\/\/www.ari-bruneck.com\/en\/ari-bruneck-brunico-south-tyrol-italy\/","name":"A.R.I. Brunico | IQ3ED | Alto Adige (BZ)","isPartOf":{"@id":"https:\/\/www.ari-bruneck.com\/#website"},"datePublished":"2016-05-20T02:19:36+00:00","dateModified":"2023-12-20T12:28:10+00:00","description":"A.R.I. Associazione Radioamatori Italiani. Sezione di Brunico in Alto Adige. La sezione di Brunico in Val Pusteria ogni anno partecipa a vari contesti.","breadcrumb":{"@id":"https:\/\/www.ari-bruneck.com\/en\/ari-bruneck-brunico-south-tyrol-italy\/#breadcrumb"},"inLanguage":"it-IT","potentialAction":[{"@type":"ReadAction","target":["https:\/\/www.ari-bruneck.com\/en\/ari-bruneck-brunico-south-tyrol-italy\/"]}]},{"@type":"BreadcrumbList","@id":"https:\/\/www.ari-bruneck.com\/en\/ari-bruneck-brunico-south-tyrol-italy\/#breadcrumb","itemListElement":[{"@type":"ListItem","position":1,"name":"Home","item":"https:\/\/www.ari-bruneck.com\/it\/"},{"@type":"ListItem","position":2,"name":"A.R.I. Brunico IQ3ED"}]},{"@type":"WebSite","@id":"https:\/\/www.ari-bruneck.com\/#website","url":"https:\/\/www.ari-bruneck.com\/","name":"ARI BRUNECK","description":"Amateurfunkverein ARI Sektion Bruneck in S\u00fcdtirol","potentialAction":[{"@type":"SearchAction","target":{"@type":"EntryPoint","urlTemplate":"https:\/\/www.ari-bruneck.com\/?s={search_term_string}"},"query-input":"required name=search_term_string"}],"inLanguage":"it-IT"}]}},"_links":{"self":[{"href":"https:\/\/www.ari-bruneck.com\/it\/wp-json\/wp\/v2\/pages\/1702"}],"collection":[{"href":"https:\/\/www.ari-bruneck.com\/it\/wp-json\/wp\/v2\/pages"}],"about":[{"href":"https:\/\/www.ari-bruneck.com\/it\/wp-json\/wp\/v2\/types\/page"}],"author":[{"embeddable":true,"href":"https:\/\/www.ari-bruneck.com\/it\/wp-json\/wp\/v2\/users\/1"}],"replies":[{"embeddable":true,"href":"https:\/\/www.ari-bruneck.com\/it\/wp-json\/wp\/v2\/comments?post=1702"}],"version-history":[{"count":11,"href":"https:\/\/www.ari-bruneck.com\/it\/wp-json\/wp\/v2\/pages\/1702\/revisions"}],"predecessor-version":[{"id":2493,"href":"https:\/\/www.ari-bruneck.com\/it\/wp-json\/wp\/v2\/pages\/1702\/revisions\/2493"}],"wp:attachment":[{"href":"https:\/\/www.ari-bruneck.com\/it\/wp-json\/wp\/v2\/media?parent=1702"}],"curies":[{"name":"wp","href":"https:\/\/api.w.org\/{rel}","templated":true}]}}